{"id":70844,"date":"2025-02-11T12:47:26","date_gmt":"2025-02-11T12:47:26","guid":{"rendered":"https:\/\/brandss.com.py\/index\/?post_type=product&#038;p=70844"},"modified":"2025-07-14T10:14:00","modified_gmt":"2025-07-14T10:14:00","slug":"chaqueta-termico-masculino-adidas-itavic-3-stripes-con-capucha","status":"publish","type":"product","link":"https:\/\/brandss.com.py\/index\/producto\/chaqueta-termico-masculino-adidas-itavic-3-stripes-con-capucha\/","title":{"rendered":"CHAQUETA T\u00c9RMICO MASCULINO ADIDAS ITAVIC 3 STRIPES CON CAPUCHA"},"content":{"rendered":"<p><img loading=\"lazy\" decoding=\"async\" class=\"\" src=\"https:\/\/static.vecteezy.com\/system\/resources\/previews\/014\/414\/689\/non_2x\/adidas-new-logo-on-transparent-background-free-vector.jpg\" alt=\"nuevo logotipo de adidas sobre fondo transparente 14414689 Vector en  Vecteezy\" width=\"118\" height=\"118\" \/><\/p>\n<h1>ITAVIC 3 STRIPES<\/h1>\n<h3 class=\"subtitle___9ljbp\">Una chaqueta para tu rutina diaria y aventuras de fin de semana<\/h3>\n<p class=\"gl-vspace\">Una mezcla de c\u00e1maras de relleno verticales y horizontales le dan a esta chaqueta t\u00e9rmica adidas un look distintivo que complementa a la perfecci\u00f3n sus detalles con las 3 Tiras. El aislamiento t\u00e9rmico sint\u00e9tico grueso brinda abrigo en los d\u00edas m\u00e1s fr\u00edos en la ciudad o en tus aventuras de fin de semana para que puedas seguir avanzando con comodidad.<\/p>\n<div class=\"highlight___3fa4r\">\n<div class=\"highlight-text___lgoJI\">\n<h3 class=\"highlight-text__headline___25B2G\">Primegreen<\/h3>\n<p>Este producto est\u00e1 hecho con Primegreen, una serie de materiales reciclados de alto desempe\u00f1o.<\/p>\n<\/div>\n<\/div>\n<div class=\"highlight___3fa4r\">\n<div class=\"highlight-text___lgoJI\">\n<h3 class=\"highlight-text__headline___25B2G\">Menor grosor pero la misma sensaci\u00f3n de abrigo<\/h3>\n<p>El a\u00edslamiento t\u00e9rmico sint\u00e9tico ofrece abrigo sin sacrificar la silueta delgada de la prenda<\/p>\n<\/div>\n<\/div>\n<div class=\"highlight___3fa4r\">\n<div class=\"highlight-text___lgoJI\">\n<h3 class=\"highlight-text__headline___25B2G\">Tejido impermeable<\/h3>\n<p>El recubrimiento impermeable (DWR) libre de PFC repele la lluvia ligera y la nieve.<\/p>\n<div class=\"accordion__header-text___2o9Im\">\n<h2 class=\"accordion-title___2sTgR\">Cuidados<\/h2>\n<\/div>\n<div class=\"accordion__header-icon___2FuRa\"><\/div>\n<div class=\"accordion__content___29x9h\">\n<div class=\"content-padding___2kVWQ\">\n<div class=\"care___2GwB4\" data-auto-id=\"pdp-content-care\">\n<div class=\"care-instructions___3scEd\">\n<h4 class=\"care-title___2YJe1 gl-no-margin-bottom\">Instrucciones de lavado<\/h4>\n<ul>\n<li class=\"gl-vspace-bpall-small\"><img loading=\"lazy\" decoding=\"async\" src=\"https:\/\/www.adidas.cl\/glass\/react\/a09b19f\/assets\/img\/washing-instructions\/B1.svg\" alt=\"\" width=\"24\" height=\"24\" \/>No usar blanqueador<\/li>\n<li class=\"gl-vspace-bpall-small\"><img loading=\"lazy\" decoding=\"async\" src=\"https:\/\/www.adidas.cl\/glass\/react\/a09b19f\/assets\/img\/washing-instructions\/C2.svg\" alt=\"\" width=\"24\" height=\"24\" \/>Secar a potencia baja<\/li>\n<li class=\"gl-vspace-bpall-small\"><img loading=\"lazy\" decoding=\"async\" src=\"https:\/\/www.adidas.cl\/glass\/react\/a09b19f\/assets\/img\/washing-instructions\/E1.svg\" alt=\"\" width=\"24\" height=\"24\" \/>No lavar en seco<\/li>\n<li class=\"gl-vspace-bpall-small\"><img loading=\"lazy\" decoding=\"async\" src=\"https:\/\/www.adidas.cl\/glass\/react\/a09b19f\/assets\/img\/washing-instructions\/D1.svg\" alt=\"\" width=\"24\" height=\"24\" \/>No planchar<\/li>\n<li class=\"gl-vspace-bpall-small\"><img loading=\"lazy\" decoding=\"async\" src=\"https:\/\/www.adidas.cl\/glass\/react\/a09b19f\/assets\/img\/washing-instructions\/A4.svg\" alt=\"\" width=\"24\" height=\"24\" \/>Lavado a maquina agua fria ciclo delicado<\/li>\n<\/ul>\n<\/div>\n<div class=\"extra-instructions___2TR8b\">\n<h4 class=\"care-title___2YJe1 gl-no-margin-bottom\">Informaci\u00f3n adicional sobre el cuidado<\/h4>\n<ul class=\"gl-list margin___QweXS\">\n<li class=\"gl-vspace-bpall-small\">Lavar y secar al rev\u00e9s<\/li>\n<li class=\"gl-vspace-bpall-small\">No usar suavizante<\/li>\n<li class=\"gl-vspace-bpall-small\">Usar \u00fanicamente detergente suave<\/li>\n<li class=\"gl-vspace-bpall-small\">Lavar con cierres ajustados<\/li>\n<li class=\"gl-vspace-bpall-small\">Retirar r\u00e1pidamente despu\u00e9s de lavar \/ secar a maquina<\/li>\n<\/ul>\n<div class=\"accordion__header-text___2o9Im\">\n<h2 class=\"accordion-title___2sTgR\">Detalles<\/h2>\n<\/div>\n<div class=\"accordion__header-icon___2FuRa\"><\/div>\n<div class=\"accordion__content___29x9h\">\n<div class=\"content-padding___2kVWQ\">\n<div class=\"bullets___3bsSs\" data-auto-id=\"specifications-section\" data-testid=\"specifications-section\">\n<ul class=\"gl-list\">\n<li class=\"gl-vspace-bpall-small\">Corte cl\u00e1sico.<\/li>\n<li class=\"gl-vspace-bpall-small\">Cierre frontal y capucha.<\/li>\n<li class=\"gl-vspace-bpall-small\">Tejido plano 100 % poli\u00e9ster reciclado.<\/li>\n<li class=\"gl-vspace-bpall-small\">Bolsillos frontales con cierre.<\/li>\n<li class=\"gl-vspace-bpall-small\">Pu\u00f1os el\u00e1sticos.<\/li>\n<li class=\"gl-vspace-bpall-small\">Peso: 222 g.<\/li>\n<li class=\"gl-vspace-bpall-small\">Pa\u00eds de origen: Bangladesh.<\/li>\n<li class=\"gl-vspace-bpall-small\">Primegreen.<\/li>\n<li class=\"gl-vspace-bpall-small\">Color: Black.<\/li>\n<li class=\"gl-vspace-bpall-small\">Modelo: GT1681.<\/li>\n<\/ul>\n<\/div>\n<\/div>\n<\/div>\n<\/div>\n<\/div>\n<\/div>\n<\/div>\n<\/div>\n<\/div>\n","protected":false},"excerpt":{"rendered":"<p>ITAVIC 3 STRIPES Una chaqueta para tu rutina diaria y aventuras de fin de semana Una mezcla de c\u00e1maras de<\/p>\n","protected":false},"featured_media":70845,"comment_status":"open","ping_status":"closed","template":"","meta":{"nf_dc_page":""},"product_brand":[],"product_cat":[76],"product_tag":[],"class_list":{"0":"post-70844","1":"product","2":"type-product","3":"status-publish","4":"has-post-thumbnail","6":"product_cat-masculino","8":"first","9":"instock","10":"shipping-taxable","11":"purchasable","12":"product-type-simple"},"_links":{"self":[{"href":"https:\/\/brandss.com.py\/index\/wp-json\/wp\/v2\/product\/70844","targetHints":{"allow":["GET"]}}],"collection":[{"href":"https:\/\/brandss.com.py\/index\/wp-json\/wp\/v2\/product"}],"about":[{"href":"https:\/\/brandss.com.py\/index\/wp-json\/wp\/v2\/types\/product"}],"replies":[{"embeddable":true,"href":"https:\/\/brandss.com.py\/index\/wp-json\/wp\/v2\/comments?post=70844"}],"version-history":[{"count":1,"href":"https:\/\/brandss.com.py\/index\/wp-json\/wp\/v2\/product\/70844\/revisions"}],"predecessor-version":[{"id":70856,"href":"https:\/\/brandss.com.py\/index\/wp-json\/wp\/v2\/product\/70844\/revisions\/70856"}],"wp:featuredmedia":[{"embeddable":true,"href":"https:\/\/brandss.com.py\/index\/wp-json\/wp\/v2\/media\/70845"}],"wp:attachment":[{"href":"https:\/\/brandss.com.py\/index\/wp-json\/wp\/v2\/media?parent=70844"}],"wp:term":[{"taxonomy":"product_brand","embeddable":true,"href":"https:\/\/brandss.com.py\/index\/wp-json\/wp\/v2\/product_brand?post=70844"},{"taxonomy":"product_cat","embeddable":true,"href":"https:\/\/brandss.com.py\/index\/wp-json\/wp\/v2\/product_cat?post=70844"},{"taxonomy":"product_tag","embeddable":true,"href":"https:\/\/brandss.com.py\/index\/wp-json\/wp\/v2\/product_tag?post=70844"}],"curies":[{"name":"wp","href":"https:\/\/api.w.org\/{rel}","templated":true}]}}